{"id":56,"date":"2016-09-15T11:17:02","date_gmt":"2016-09-15T09:17:02","guid":{"rendered":"http:\/\/cepronda.com\/blog\/?page_id=56"},"modified":"2021-09-24T14:32:41","modified_gmt":"2021-09-24T12:32:41","slug":"programas-educativos","status":"publish","type":"page","link":"https:\/\/cepronda.com\/blog\/autoformacion\/programas-educativos\/","title":{"rendered":"Planes y Programas Educativos"},"content":{"rendered":"<ul>\n<li><a href=\"https:\/\/www.juntadeandalucia.es\/educacion\/portals\/delegate\/content\/e5e9d7aa-efd9-4360-9f37-b3866808a860\/Resoluci%C3%B3n%20de%2016%20de%20julio%20de%202021%20(pdf)\">RESOLUCI\u00d3N DE 16 DE JULIO DE 2021, DE LA DIRECCI\u00d3N GENERAL DE FORMACI\u00d3N DEL PROFESORADO E INNOVACI\u00d3N EDUCATIVA, POR LA QUE SE EFECT\u00daA LA CONVOCATORIA DE LOS PROGRAMAS PARA LA INNOVACI\u00d3N EDUCATIVA REGULADOS POR LAS INSTRUCCIONES DE 30 DE JUNIO DE 2014 DE LA SECRETAR\u00cdA GENERAL DE EDUCACI\u00d3N, PARA EL CURSO 2021\/2022<\/a><\/li>\n<li><a href=\"https:\/\/www.juntadeandalucia.es\/educacion\/portals\/ishare-servlet\/content\/56ca347a-2566-42f5-8143-9a62c34b34c2\">INSTRUCCIONES QUE REGULAN LA FORMACI\u00d3N VINCULADA A LOS PROGRAMAS EDUCATIVOS 2020\/2021 (pendiente de publicaci\u00f3n las de este curso 21\/22)<\/a><\/li>\n<li><a href=\"https:\/\/www.juntadeandalucia.es\/educacion\/portals\/delegate\/content\/5fcad6be-bfbe-40d8-8584-eabfa3e9d301\/Cat%C3%A1logo%20de%20Programas%20para%20la%20Innovaci%C3%B3n%20Educativa.%20Curso%2021-22\">CAT\u00c1LOGO DE PROGRAMAS PARA LA INNOVACI\u00d3N EDUCATIVA 21\/22<\/a><\/li>\n<li><a href=\"https:\/\/www.juntadeandalucia.es\/educacion\/portals\/web\/ced\/planesyprogramas\">PROGRAMAS EDUCATIVOS. INFORMACI\u00d3N GENERAL<\/a>.<\/li>\n<li><a href=\"https:\/\/www.juntadeandalucia.es\/educacion\/portals\/web\/ced\/contenidos\/-\/contenidos\/detalle\/programas-para-la-innovacion-educativa-1jrrx3lqa97je\">PROGRAMAS PARA LA INNOVACI\u00d3N EDUCATIVA. TIPOS.<\/a><\/li>\n<\/ul>\n<p>&nbsp;<\/p>\n<p><img data-recalc-dims=\"1\" loading=\"lazy\" decoding=\"async\" class=\"alignnone  wp-image-3778 aligncenter\" src=\"https:\/\/i0.wp.com\/cepronda.com\/blog\/wp-content\/uploads\/2020\/09\/Logo-progamas-de-formacion-oficial.jpg?resize=178%2C110\" alt=\"\" width=\"178\" height=\"110\"><\/p>\n<p><span style=\"border-radius: 2px; text-indent: 20px; width: auto; padding: 0px 4px 0px 0px; text-align: center; font: bold 11px\/20px 'Helvetica Neue',Helvetica,sans-serif; color: #ffffff; background: #bd081c no-repeat scroll 3px 50% \/ 14px 14px; position: absolute; opacity: 1; z-index: 8675309; display: none; cursor: pointer; top: 26px; left: 139px;\">Guardar<\/span><\/p>\n<p><span style=\"border-radius: 2px; text-indent: 20px; width: auto; padding: 0px 4px 0px 0px; text-align: center; font: bold 11px\/20px 'Helvetica Neue',Helvetica,sans-serif; color: #ffffff; background: #bd081c no-repeat scroll 3px 50% \/ 14px 14px; position: absolute; opacity: 1; z-index: 8675309; display: none; cursor: pointer; top: 363px; left: 192px;\">Guardar<\/span><\/p>\n<p><span style=\"border-radius: 2px; text-indent: 20px; width: auto; padding: 0px 4px 0px 0px; text-align: center; font: bold 11px\/20px 'Helvetica Neue',Helvetica,sans-serif; color: #ffffff; background: #bd081c no-repeat scroll 3px 50% \/ 14px 14px; position: absolute; opacity: 1; z-index: 8675309; display: none; cursor: pointer; top: 26px; left: 139px;\">Guardar<\/span><\/p>\n<p><span style=\"border-radius: 2px; text-indent: 20px; width: auto; padding: 0px 4px 0px 0px; text-align: center; font: bold 11px\/20px 'Helvetica Neue',Helvetica,sans-serif; color: #ffffff; background: #bd081c no-repeat scroll 3px 50% \/ 14px 14px; position: absolute; opacity: 1; z-index: 8675309; display: none; cursor: pointer;\">Guardar<\/span><\/p>\n","protected":false},"excerpt":{"rendered":"<p>RESOLUCI\u00d3N DE 16 DE JULIO DE 2021, DE LA DIRECCI\u00d3N GENERAL DE FORMACI\u00d3N DEL PROFESORADO E INNOVACI\u00d3N EDUCATIVA, POR LA QUE SE EFECT\u00daA LA CONVOCATORIA DE LOS PROGRAMAS PARA LA INNOVACI\u00d3N EDUCATIVA REGULADOS POR LAS INSTRUCCIONES DE 30 DE JUNIO DE 2014 DE LA SECRETAR\u00cdA GENERAL DE EDUCACI\u00d3N, PARA EL CURSO 2021\/2022 INSTRUCCIONES QUE REGULAN [&hellip;]<\/p>\n","protected":false},"author":3,"featured_media":3778,"parent":47,"menu_order":0,"comment_status":"closed","ping_status":"closed","template":"","meta":{"_crdt_document":"","advanced_seo_description":"","jetpack_seo_html_title":"","jetpack_seo_noindex":false,"jetpack_post_was_ever_published":false,"footnotes":""},"class_list":["post-56","page","type-page","status-publish","has-post-thumbnail","czr-hentry"],"jetpack_shortlink":"https:\/\/wp.me\/P8M4X7-U","jetpack-related-posts":[{"id":54,"url":"https:\/\/cepronda.com\/blog\/autoformacion\/formacion-en-centros\/","url_meta":{"origin":56,"position":0},"title":"Formaci\u00f3n en centros","author":"V\u00edctor Caballero","date":"15 septiembre, 2016","format":false,"excerpt":"Instrucciones para el desarrollo de la Formaci\u00f3n en Centro del curso 2021\/22 OTROS DOCUMENTOS RELACIONADOS Cronograma de una FC para centros educativos ANEXO I Solicitud de inscripci\u00f3n extraordinaria de nuevos miembros en el Proyecto de Formaci\u00f3n en CentroANEXO II Comunicaci\u00f3n oficial de suspensi\u00f3n del Formaci\u00f3n en Centro ANEXO III Requisitos\u2026","rel":"","context":"Entrada similar","block_context":{"text":"Entrada similar","link":""},"img":{"alt_text":"","src":"https:\/\/i0.wp.com\/cepronda.com\/blog\/wp-content\/uploads\/2018\/09\/hands-2847508_640.jpg?resize=350%2C200&ssl=1","width":350,"height":200,"srcset":"https:\/\/i0.wp.com\/cepronda.com\/blog\/wp-content\/uploads\/2018\/09\/hands-2847508_640.jpg?resize=350%2C200&ssl=1 1x, https:\/\/i0.wp.com\/cepronda.com\/blog\/wp-content\/uploads\/2018\/09\/hands-2847508_640.jpg?resize=525%2C300&ssl=1 1.5x"},"classes":[]},{"id":47,"url":"https:\/\/cepronda.com\/blog\/autoformacion\/","url_meta":{"origin":56,"position":1},"title":"Autoformaci\u00f3n","author":"V\u00edctor Caballero","date":"15 septiembre, 2016","format":false,"excerpt":"GRUPOS DE TRABAJO Y FORMACI\u00d3N EN CENTROS A continuaci\u00f3n se presentan las distintas Instrucciones de Grupos de Trabajo y Formaci\u00f3n en Centros del curso 2024\/25 \u00a0 INSTRUCCIONES PARA GRUPOS DE TRABAJO 2024\/25 \u00a0 INSTRUCCIONES PARA FORMACIONES EN CENTROS 2024\/25 \u00a0","rel":"","context":"Entrada similar","block_context":{"text":"Entrada similar","link":""},"img":{"alt_text":"","src":"https:\/\/i0.wp.com\/cepronda.com\/blog\/wp-content\/uploads\/2017\/05\/home-office-336377_640.jpg?fit=640%2C426&ssl=1&resize=350%2C200","width":350,"height":200,"srcset":"https:\/\/i0.wp.com\/cepronda.com\/blog\/wp-content\/uploads\/2017\/05\/home-office-336377_640.jpg?fit=640%2C426&ssl=1&resize=350%2C200 1x, https:\/\/i0.wp.com\/cepronda.com\/blog\/wp-content\/uploads\/2017\/05\/home-office-336377_640.jpg?fit=640%2C426&ssl=1&resize=525%2C300 1.5x"},"classes":[]},{"id":50,"url":"https:\/\/cepronda.com\/blog\/autoformacion\/grupos-de-trabajo\/","url_meta":{"origin":56,"position":2},"title":"Grupos de trabajo","author":"V\u00edctor Caballero","date":"15 septiembre, 2016","format":false,"excerpt":"Instrucciones para la convocatoria de Grupos de Trabajo para el curso 2021\/2022 OTROS DOCUMENTOS RELACIONADOS Cronograma de Grupos de Trabajo.Anexo I de Grupos de Trabajo. Solicitud de autorizaci\u00f3n para m\u00e1s de diez miembrosANEXO II Comunicaci\u00f3n oficial de suspensi\u00f3n del Grupo de Trabajo Infograf\u00eda GT.","rel":"","context":"Entrada similar","block_context":{"text":"Entrada similar","link":""},"img":{"alt_text":"","src":"https:\/\/i0.wp.com\/cepronda.com\/blog\/wp-content\/uploads\/2018\/09\/team-spirit-2447163_640.jpg?resize=350%2C200&ssl=1","width":350,"height":200,"srcset":"https:\/\/i0.wp.com\/cepronda.com\/blog\/wp-content\/uploads\/2018\/09\/team-spirit-2447163_640.jpg?resize=350%2C200&ssl=1 1x, https:\/\/i0.wp.com\/cepronda.com\/blog\/wp-content\/uploads\/2018\/09\/team-spirit-2447163_640.jpg?resize=525%2C300&ssl=1 1.5x"},"classes":[]},{"id":66,"url":"https:\/\/cepronda.com\/blog\/redes-profesionales\/red-de-orientacion\/","url_meta":{"origin":56,"position":3},"title":"Red de Orientaci\u00f3n","author":"V\u00edctor Caballero","date":"15 septiembre, 2016","format":false,"excerpt":"Espacio de intercambio y de comunicaci\u00f3n para los profesionales de los Equipos de Orientaci\u00f3n Educativa, orientadores y orientadoras de los centros del \u00e1mbito del Centro de profesorado de Ronda. Para poder acceder a la red haz clic en la imagen.","rel":"","context":"Entrada similar","block_context":{"text":"Entrada similar","link":""},"img":{"alt_text":"redesprofesionales1","src":"https:\/\/i0.wp.com\/cepronda.com\/blog\/wp-content\/uploads\/2016\/09\/redesprofesionales1-e1474972897201.png?resize=350%2C200","width":350,"height":200},"classes":[]},{"id":1179,"url":"https:\/\/cepronda.com\/blog\/plan-de-centro\/","url_meta":{"origin":56,"position":4},"title":"Plan de Centro OLD","author":"V\u00edctor Caballero","date":"3 julio, 2017","format":false,"excerpt":"El Decreto 93\/2013, confiere a los Centros del Profesorado como unidad encargada de la dinamizaci\u00f3n, planificaci\u00f3n y desarrollo de la formaci\u00f3n permanente del profesorado. Les otorga para ello de autonom\u00eda pedag\u00f3gica y de gesti\u00f3n, teniendo que dar cuenta de los resultados obtenidos a la Direcci\u00f3n General responsable y a la\u2026","rel":"","context":"Entrada similar","block_context":{"text":"Entrada similar","link":""},"img":{"alt_text":"","src":"","width":0,"height":0},"classes":[]},{"id":75,"url":"https:\/\/cepronda.com\/blog\/buenas-practicas\/","url_meta":{"origin":56,"position":5},"title":"Buenas Pr\u00e1cticas","author":"V\u00edctor Caballero","date":"15 septiembre, 2016","format":false,"excerpt":"El blog Experiencias Educativas de \u00c9xito de la provincia de M\u00e1laga es una iniciativa de los Centros del Profesorado (CEP) de M\u00e1laga que tiene como objetivo recopilar y difundir buenas pr\u00e1cticas y proyectos innovadores desarrollados en los centros educativos de la provincia. Este espacio sirve como punto de encuentro para\u2026","rel":"","context":"Entrada similar","block_context":{"text":"Entrada similar","link":""},"img":{"alt_text":"","src":"https:\/\/i0.wp.com\/cepronda.com\/blog\/wp-content\/uploads\/2025\/09\/Diseno-sin-titulo.png?fit=1181%2C1181&ssl=1&resize=350%2C200","width":350,"height":200,"srcset":"https:\/\/i0.wp.com\/cepronda.com\/blog\/wp-content\/uploads\/2025\/09\/Diseno-sin-titulo.png?fit=1181%2C1181&ssl=1&resize=350%2C200 1x, https:\/\/i0.wp.com\/cepronda.com\/blog\/wp-content\/uploads\/2025\/09\/Diseno-sin-titulo.png?fit=1181%2C1181&ssl=1&resize=525%2C300 1.5x, https:\/\/i0.wp.com\/cepronda.com\/blog\/wp-content\/uploads\/2025\/09\/Diseno-sin-titulo.png?fit=1181%2C1181&ssl=1&resize=700%2C400 2x, https:\/\/i0.wp.com\/cepronda.com\/blog\/wp-content\/uploads\/2025\/09\/Diseno-sin-titulo.png?fit=1181%2C1181&ssl=1&resize=1050%2C600 3x"},"classes":[]}],"jetpack_sharing_enabled":true,"_links":{"self":[{"href":"https:\/\/cepronda.com\/blog\/wp-json\/wp\/v2\/pages\/56","targetHints":{"allow":["GET"]}}],"collection":[{"href":"https:\/\/cepronda.com\/blog\/wp-json\/wp\/v2\/pages"}],"about":[{"href":"https:\/\/cepronda.com\/blog\/wp-json\/wp\/v2\/types\/page"}],"author":[{"embeddable":true,"href":"https:\/\/cepronda.com\/blog\/wp-json\/wp\/v2\/users\/3"}],"replies":[{"embeddable":true,"href":"https:\/\/cepronda.com\/blog\/wp-json\/wp\/v2\/comments?post=56"}],"version-history":[{"count":10,"href":"https:\/\/cepronda.com\/blog\/wp-json\/wp\/v2\/pages\/56\/revisions"}],"predecessor-version":[{"id":4669,"href":"https:\/\/cepronda.com\/blog\/wp-json\/wp\/v2\/pages\/56\/revisions\/4669"}],"up":[{"embeddable":true,"href":"https:\/\/cepronda.com\/blog\/wp-json\/wp\/v2\/pages\/47"}],"wp:featuredmedia":[{"embeddable":true,"href":"https:\/\/cepronda.com\/blog\/wp-json\/wp\/v2\/media\/3778"}],"wp:attachment":[{"href":"https:\/\/cepronda.com\/blog\/wp-json\/wp\/v2\/media?parent=56"}],"curies":[{"name":"wp","href":"https:\/\/api.w.org\/{rel}","templated":true}]}}